{"id":8027,"date":"2022-12-02T19:40:39","date_gmt":"2022-12-02T17:40:39","guid":{"rendered":"https:\/\/baumkletterschule.de\/kletterblatt\/?page_id=8027"},"modified":"2022-12-07T09:29:14","modified_gmt":"2022-12-07T07:29:14","slug":"archiv-2022","status":"publish","type":"page","link":"https:\/\/baumkletterschule.de\/kletterblatt\/archiv\/archiv-2022","title":{"rendered":"Kletterblatt 2023"},"content":{"rendered":"<h2 style=\"font-size: 16px; color: #006666;\">Frauen in der Szene sichtbar machen<\/h2>\n<p><strong>2023: Baumkletter*innen-Treffen in Mecklenburg-Vorpommern geplant<\/strong> \u2013 Anne B\u00fcttner aus Bernitt in der N\u00e4he von Rostock hat eine Vision: Die Baumpflegerin plant f\u00fcr 2023 in Mecklenburg-Vorpommern ein deutschlandweites Treffen f\u00fcr Baumkletterinnen. Ihre Ziele: Intensiver Erfahrungsaustausch rund um die weibliche Seite der Kletterwelt und eine st\u00e4rkere Vernetzung untereinander. M\u00e4nnliche Kletterer sind \u00fcbrigens ebenfalls herzlich willkommen. Im Interview mit dem Kletterblatt erz\u00e4hlt B\u00fcttner mehr \u00fcber ihre Idee und die konkreten Pl\u00e4ne.<\/p>\n<p><span><a href=\"\/kletterblatt\/wp-content\/uploads\/2022\/12\/KB_2023_komplett_72dpi.pdf#page=8\" target=\"_blank\" rel=\"noopener\">weiterlesen<\/a><\/span><\/p>\n<h2 style=\"font-size: 16px; color: #006666; margin-top: 20px; border-top: 1px solid #ccc; padding-top: 16px;\">Bewusstsein f\u00fcr B\u00e4ume entfachen<\/h2>\n<p><strong> TreeCare India: Entwicklung der Baumpflege-Branche in Indien <\/strong> \u2013 Wer von Baumpflege in Indien spricht, meint TreeCare India. Zun\u00e4chst entstanden im Rahmen eines einzigartigen Aufforstungsprojektes an der s\u00fcdindischen K\u00fcste, hat sich das Team von TreeCare India nun der Aufgabe verschrieben, sich f\u00fcr den Erhalt und die fachgerechte Pflege von B\u00e4umen in ganz Indien einzusetzen. Der folgende Beitrag erz\u00e4hlt von den Herausforderungen, eine Branche komplett neu zu entwickeln.<\/p>\n<p><span><a href=\"\/kletterblatt\/wp-content\/uploads\/2022\/12\/KB_2023_komplett_72dpi.pdf#page=10\" target=\"_blank\" rel=\"noopener\">weiterlesen<\/a><\/span><\/p>\n<h2 style=\"font-size: 16px; color: #006666; margin-top: 20px; border-top: 1px solid #ccc; padding-top: 16px;\">Von Expertenwissen bis Cowboytum<\/h2>\n<p><strong>Social Media in der Baumpflege sinnvoll nutzen<\/strong> \u2013 Digitalisierung und Baumpflege? Das ist kein Widerspruch, sondern l\u00e4ngst Normalit\u00e4t in den verschiedensten Bereichen. Ein Aspekt davon ist Social Media. Josua Hundertmark hat sich Gedanken gemacht \u00fcber Vor- und Nachteile und stellt M\u00f6glichkeiten f\u00fcr Baumpfleger*innen vor, verschiedenste Plattformen effektiv zu nutzen.<\/p>\n<p><span><a href=\"\/kletterblatt\/wp-content\/uploads\/2022\/12\/KB_2023_komplett_72dpi.pdf#page=18\" target=\"_blank\" rel=\"noopener\">weiterlesen<\/a><\/span><\/p>\n<h2 style=\"font-size: 16px; color: #006666; margin-top: 20px; border-top: 1px solid #ccc; padding-top: 16px;\">Wie drei T\u00fcftler das Baumklettern revolutionierten<\/h2>\n<p><strong>Treemagineers \u2013 eine Erfolgsgeschichte<\/strong> \u2013 Seit knapp 20 Jahren bereichern die Ideen der drei Treemagineers die Baumkletterwelt. Gegr\u00fcndet wurde das Unternehmen im Jahre 2004 von Chris Cowell, Bernd Strasser und Mark Bridge. Mark Bridge plaudert f\u00fcr das Kletterblatt aus dem N\u00e4hk\u00e4stchen und erz\u00e4hlt von Ideen, Herausforderungen, Visionen \u2013 und davon, wie alles begann\u2026<\/p>\n<p><span><a href=\"\/kletterblatt\/wp-content\/uploads\/2022\/12\/KB_2023_komplett_72dpi.pdf#page=22\" target=\"_blank\" rel=\"noopener\">weiterlesen<\/a><\/span><\/p>\n<h2 style=\"font-size: 16px; color: #006666; margin-top: 20px; border-top: 1px solid #ccc; padding-top: 16px;\">Streuobstwiesen richtig pflegen<\/h2>\n<p><strong>Regelwerk mit Standards zur Obstbaumpflege<\/strong> \u2013 Eine Gruppe von Obstbaumpfleger*innen im Deutschen Pomologen-Verein e.V. erarbeitet derzeit Standards f\u00fcr die Obstbaumpflege. Als Ergebnis soll ein verbindliches Regelwerk f\u00fcr die <a href=\" https:\/\/www.baumpflegeportal.de\/baumpflege\/regelwerk-fuer-obstbaumpflege-bundesweite-standards\/\" title=\u201dBaumpflegeportal: \u2018Regelwerk Obstbaumpflege\u2019\"  target=\"_blank\"> Streuobstpflege <\/a> entstehen mit fachlichen Anweisungen zu Pflanzung und Jung- und Altbaumpflege, Musterleistungsverzeichnissen f\u00fcr ausschreibende Stellen sowie Checklisten zur Beurteilung ausgef\u00fchrter Pflanz- und Pflegeauftr\u00e4ge. Dadurch soll die Qualit\u00e4t in der Obstbaumpflege bundesweit gest\u00e4rkt werden.<\/p>\n<p><span><a href=\"\/kletterblatt\/wp-content\/uploads\/2022\/12\/KB_2023_komplett_72dpi.pdf#page=30\" target=\"_blank\" rel=\"noopener\">weiterlesen<\/a><\/span><\/p>\n<h2 style=\"font-size: 16px; color: #006666; margin-top: 20px; border-top: 1px solid #ccc; padding-top: 16px;\">Kletterkunst in Perfektion<\/h2>\n<p><strong>Deutsche Baumklettermeisterschaft 2022 in Kleve<\/strong> \u2013 Darauf hatte die Szene  s ehns\u00fcchtig gewartet: Nach zwei Jahren coronabedingter Zwangspause konnten sich Baumkletter*innen in diesem Jahr endlich wieder im offiziellen Wettstreit messen. In Kleve am Niederrhein trafen sie sich vom 26. bis zum 29. Mai zu den Deutschen Baumklettermeisterschaften 2022. Veranstaltet wurden die Meisterschaften von der ISA Germany e.V. (International Society of Arboriculture). Den Sieg sicherte sich bei den Damen Lisa Schuchhardt und bei den Herren der Neuseel\u00e4nder James Kilpatrick. <\/p>\n<p><span><a href=\"https:\/\/www.freeworker.de\/2022\/06\/08\/baumklettermeisterschaft-2022-kleve\/\" title=\u201dFreeworker Blog: \u2018Dt. Baumklettermeisterschaft Kleve 2022\u2019\"  target=\"_blank\">weiterlesen<\/a><\/span><\/p>\n<h2 style=\"font-size: 16px; color: #006666; margin-top: 20px; border-top: 1px solid #ccc; padding-top: 16px;\">Mit dem Roller zur Baustelle<\/h2>\n<p><strong> Besuch beim St\u00e4dtischen Baumkletterteam in Hanoi <\/strong> \u2013 Im April 2022 durfte Dirk Lingens w\u00e4hrend seines Vietnamurlaubs einen Tag mit dem st\u00e4dtischen Baumkletterteam Hanois unterwegs sein. Obwohl er nur zugucken konnte, empfand er diesen Tag als beeindruckende Erfahrung. Mit nach Hause brachte er Respekt vor der Kompetenz der vietnamesischen Kletter*innen und Dankbarkeit \u00fcber die hohen Arbeitssicherheitsstandards hierzulande. Ein etwas anderer Reisebericht. <\/p>\n<p><span><a href=\"\/kletterblatt\/wp-content\/uploads\/2022\/12\/KB_2023_komplett_72dpi.pdf#page=42\" target=\"_blank\" rel=\"noopener\">weiterlesen<\/a><\/span><\/p>\n<h2 style=\"font-size: 16px; color: #006666; margin-top: 20px; border-top: 1px solid #ccc; padding-top: 16px;\">Upgrade f\u00fcrs Kletterforum<\/h2>\n<p><strong>Besucherandrang bei Deutschen Baumpflegetagen<\/strong> \u2013 Nach zwei Jahren Zwangspause erlebten die Deutschen Baumpflegetage vom 10. bis 12. Mai ihre Neuauflage. 1.580 Expert*innen, 590 Besucher*innen und 145 Aussteller trafen sich in Augsburg zum Erfahrungsaustausch. Neben den Fachvortr\u00e4gen im Gro\u00dfen Saal begeisterten vor allem die anschaulichen Vorf\u00fchrungen und Diskussionsbeitr\u00e4ge im neu gestalteten Kletterforum.<\/p>\n<p><span><a href=\"\/kletterblatt\/wp-content\/uploads\/2022\/12\/KB_2023_komplett_72dpi.pdf#page=44\" target=\"_blank\" rel=\"noopener\">weiterlesen<\/a><\/span><\/p>\n<h2 style=\"font-size: 16px; color: #006666; margin-top: 20px; border-top: 1px solid #ccc; padding-top: 16px;\">Und was wird es kosten?<\/h2>\n<p><strong>Warum Preise f\u00fcr Baumpflege individuell sind<\/strong> \u2013 Wie in jeder Branche ist die Frage nach den Kosten f\u00fcr potenzielle Kunden eine der wichtigsten. Warum es in der Baumpflege keine Pauschalpreise gibt und welche individuellen Faktoren den Endpreis bestimmen, erl\u00e4utert Lucia Silvanus von Silvanus Baumpflege &#038; Baumkontrolle in Trier. Und sie begr\u00fcndet, warum f\u00fcr sie Pauschalpreise auf der Firmen-Website keinen Sinn machen. <\/p>\n<p><span><a href=\"\/kletterblatt\/wp-content\/uploads\/2022\/12\/KB_2023_komplett_72dpi.pdf#page=46\" target=\"_blank\" rel=\"noopener\">weiterlesen<\/a><\/span><\/p>\n<h2 style=\"font-size: 16px; color: #006666; margin-top: 20px; border-top: 1px solid #ccc; padding-top: 16px;\">Winsch dir was!<\/h2>\n<p><strong> Winschen f\u00fcr Baumarbeiten im \u00dcberblick <\/strong> \u2013 In den vergangenen Jahren hat es im Bereich der Winschen f\u00fcr Baumarbeiten eine Reihe von Neuentwicklungen gegeben. Anlass f\u00fcr Dirk Lingens, gro\u00dfer Winsch-Fan und selbst Entwickler eines Modells, einen \u00dcberblick \u00fcber die verschiedenen Ger\u00e4te, ihre Funktionsweise und Einsatzm\u00f6glichkeiten zu geben.<\/p>\n<p><span><a href=\"\/kletterblatt\/wp-content\/uploads\/2022\/12\/KB_2023_komplett_72dpi.pdf#page=76\" target=\"_blank\" rel=\"noopener\">weiterlesen<\/a><\/span><\/p>\n<h2 style=\"font-size: 16px; color: #006666; margin-top: 20px; border-top: 1px solid #ccc; padding-top: 16px;\">Baumfachkunde vor dem Kletterkurs <\/h2>\n<p><strong> \u00c4nderungen der Zulassungskriterien f\u00fcr den Kurs SKT A <\/strong> \u2013 Um am Kletterkurs SKT A teilnehmen zu k\u00f6nnen, muss seit Kurzem ein Nachweis der Baumfachkunde erbracht werden. Bernhard Sch\u00fctte, Ausbildungsleiter der M\u00fcnchner Baumkletterschule, erl\u00e4utert die Hintergr\u00fcnde und stellt das entsprechende Angebot der MBKS vor.<\/p>\n<p><span><a href=\"\/kletterblatt\/wp-content\/uploads\/2022\/12\/KB_2023_komplett_72dpi.pdf#page=82\" target=\"_blank\" rel=\"noopener\">weiterlesen<\/a><\/span><\/p>\n<h2 style=\"font-size: 16px; color: #006666; margin-top: 20px; border-top: 1px solid #ccc; padding-top: 16px;\">Spezialisierung r\u00fcckt st\u00e4rker in den Fokus <\/h2>\n<p><strong> Neue*r Fachagrarwirt*in \/ Bachelor Professional Baumpflege <\/strong> \u2013 \u00dcber eine Vielzahl an qualifizierten und zertifizierten Kursen beispielsweise an Baumkletterschulen (siehe <a href=\"https:\/\/baumkletterschule.de\/cms\/kursinfo\/\" title=\"Kursinfo M\u00fcnchner Baumkletterschule\">Kursprogramm MBKS<\/a>) k\u00f6nnen Baumpfleger*innen sich in Deutschland fundiertes Spezialwissen im Bereich Baumpflege aneignen. Eine weitere M\u00f6glichkeit besteht in der Fortbildung zum*zur Fachagrarwirt*in. Wolfgang Gro\u00df vom Bundesverband Garten-, Landschafts- und Sportplatzbau e. V. (BGL) stellt die derzeit einzige staatliche anerkannte Weiterbildung \u201eGepr\u00fcfte*r Fachagrarwirt*in Baumpflege \u2013 Bachelor Professional Baumpflege&#8220; vor und erl\u00e4utert Inhalte, Chancen und Entwicklungen. <\/p>\n<p><span><a href=\"\/kletterblatt\/wp-content\/uploads\/2022\/12\/KB_2023_komplett_72dpi.pdf#page=86\" target=\"_blank\" rel=\"noopener\">weiterlesen<\/a><\/span><\/p>\n<h2 style=\"font-size: 16px; color: #006666; margin-top: 20px; border-top: 1px solid #ccc; padding-top: 16px;\">Redundante Klettersysteme beim Baumklettern<\/h2>\n<h3>Klettern mit Redundanz<\/h3>\n<p><strong>Hilfssystem mit zwei Seilen<\/strong> \u2013 Viel diskutiert in der Szene wird derzeit das Klettern mit Redundanz. Erfahrungen hat damit allerdings kaum jemand. Ludwig Kr\u00e4nzlein und Ben Lock geh\u00f6ren zu den wenigen Baumkletter*innen in Deutschland, die das Klettern mit zwei Seilen t\u00e4glich praktizieren. F\u00fcr das Kletterblatt haben sie aufgeschrieben, wie es dazu kam, welche Vor- und Nachteile ihr Hilfssystem bietet und welches Material man daf\u00fcr ben\u00f6tigt.<\/p>\n<p><span><a href=\"\/kletterblatt\/wp-content\/uploads\/2022\/12\/KB_2023_komplett_72dpi.pdf#page=90\" target=\"_blank\" rel=\"noopener\">weiterlesen<\/a><\/span><\/p>\n<h3>Doppelt h\u00e4lt besser!?<\/h3>\n<p><strong>Gedanken zur Redundanz beim Baumklettern<\/strong> \u2013 Bernhard Sch\u00fctte, Ausbildungsleiter bei der M\u00fcnchner Baumkletterschule, hat den in diesem Kletterblatt enthaltenen Artikel von Ben Lock und Ludwig Kr\u00e4nzlein gelesen und fragt sich, ob die Idee schon zur Standardl\u00f6sung taugt.<\/p>\n<p><span><a href=\"\/kletterblatt\/wp-content\/uploads\/2022\/12\/KB_2023_komplett_72dpi.pdf#page=92\" target=\"_blank\" rel=\"noopener\">weiterlesen<\/a><\/span><\/p>\n<h2 style=\"font-size: 16px; color: #006666; margin-top: 20px; border-top: 1px solid #ccc; padding-top: 16px;\">Alles hat ein Ende, nur das Seil hat zwei<\/h2>\n<p><strong>Eine kleine L\u00f6sung f\u00fcr nackte Seilenden<\/strong> \u2013 Wie lassen sich nackte Seilenden schnell und unkompliziert f\u00fcr einen effizienten Einsatz umfunktionieren? Dirk Lingens, Ausbilder der M\u00fcnchner Baumkletterschule (MBKS), stellt seine Eigenkonstruktion f\u00fcr nackte Seilenden vor. F\u00fcr ihn funktioniert diese L\u00f6sung beispielsweise zum Einh\u00e4ngen der Kirschen und zum Anbinden der Wurfleine seit Jahren zuverl\u00e4ssig. Vielleicht auch ein Tipp f\u00fcr andere Kletterer! <\/p>\n<p><span><a href=\"\/kletterblatt\/wp-content\/uploads\/2022\/12\/KB_2023_komplett_72dpi.pdf#page=94\" target=\"_blank\" rel=\"noopener\">weiterlesen<\/a><\/span><\/p>\n<h2 style=\"font-size: 16px; color: #006666; margin-top: 20px; border-top: 1px solid #ccc; padding-top: 16px;\">Baumpflege im (Klima-)Wandel<\/h2>\n<p><strong>Betriebsabl\u00e4ufe nachhaltiger gestalten<\/strong> \u2013 Klimawandel: Alle reden dar\u00fcber und uns alle geht es etwas an. Manuel Schuster, Baumpfleger und Ausbilder bei der M\u00fcnchner  Baumkletterschule, hat sich Gedanken dar\u00fcber gemacht, wie man Baumpflege k\u00fcnftig noch nachhaltiger gestalten k\u00f6nnte.<\/p>\n<p><span><a href=\"\/kletterblatt\/wp-content\/uploads\/2022\/12\/KB_2023_komplett_72dpi.pdf#page=96\" target=\"_blank\" rel=\"noopener\">weiterlesen<\/a><\/span><\/p>\n<h2 style=\"font-size: 16px; color: #006666; margin-top: 20px; border-top: 1px solid #ccc; padding-top: 16px;\">Rolle des Bodenwassers bei der Baumpflege<\/h2>\n<p><strong>Richtig bew\u00e4ssern und Bodenschadverdichtung vermeiden<\/strong> \u2013 Die Ansprache des Wurzelraumes von B\u00e4umen gewinnt immer mehr an Bedeutung in der Baumpflegepraxis (Weltecke und Artmann 2022). St\u00f6rungen im Wurzelraum werden mittlerweile h\u00e4ufig als Ursache f\u00fcr Vitalit\u00e4tsr\u00fcckg\u00e4nge und als Ausl\u00f6ser f\u00fcr Krankheiten an B\u00e4umen erkannt. Dabei sind Bodenschadverdichtung und Wassermangel wohl die beiden Standortfaktoren mit der gr\u00f6\u00dften Bedeutung f\u00fcr Stadtb\u00e4ume \u2013 zum einen aufgrund ihrer stark negativen Wirkung auf B\u00e4ume, zum anderen aufgrund ihrer weiten Verbreitung im urbanen Raum.<\/p>\n<p><span><a href=\"\/kletterblatt\/wp-content\/uploads\/2022\/12\/KB_2023_komplett_72dpi.pdf#page=100\" target=\"_blank\" rel=\"noopener\">weiterlesen<\/a><\/span><\/p>\n<h2 style=\"font-size: 16px; color: #006666; margin-top: 20px; border-top: 1px solid #ccc; padding-top: 16px;\">Hedger und Pihl sind die Nr. 1 in Europa<\/h2>\n<p><strong>Europ\u00e4ische Baumklettermeisterschaft 2022 in Br\u00fcssel<\/strong> \u2013 Vom 1. bis 3. Juli fand in Br\u00fcssel die Europameisterschaft im Baumklettern 2022 statt. Drei Tage lang traten in der belgischen Hauptstadt Europas beste Kletter*innen in den Wettstreit. Mehr als 60 Teilnehmer*innen, darunter f\u00fcnf Starter*innen aus Deutschland, waren angereist, um den Titel zu holen. Ein Wettkampfbericht.<\/p>\n<p><span><a href=\"https:\/\/www.freeworker.de\/2022\/07\/12\/europaeische-baumklettermeisterschaft-2022\/\" title=\u201dFreeworker Blog: \u2018ETCC Br\u00fcssel 2022\u2019\" target=\"_blank\">weiterlesen<\/a><\/span><\/p>\n","protected":false},"excerpt":{"rendered":"<p>Frauen in der Szene sichtbar machen 2023: Baumkletter*innen-Treffen in Mecklenburg-Vorpommern geplant \u2013 Anne B\u00fcttner aus Bernitt in der N\u00e4he von Rostock hat eine Vision: Die Baumpflegerin plant f\u00fcr 2023 in Mecklenburg-Vorpommern ein deutschlandweites Treffen f\u00fcr Baumkletterinnen. Ihre Ziele: Intensiver Erfahrungsaustausch rund um die weibliche Seite der Kletterwelt und eine st\u00e4rkere Vernetzung untereinander. M\u00e4nnliche Kletterer sind \u00fcbrigens ebenfalls herzlich willkommen. Im [&hellip;]<\/p>\n","protected":false},"author":4,"featured_media":0,"parent":1721,"menu_order":0,"comment_status":"closed","ping_status":"closed","template":"","meta":{"ngg_post_thumbnail":0,"footnotes":""},"class_list":["post-8027","page","type-page","status-publish","hentry"],"yoast_head":"<!-- This site is optimized with the Yoast SEO plugin v27.5 - https:\/\/yoast.com\/product\/yoast-seo-wordpress\/ -->\n<title>Kletterblatt 2023 - Kletterblatt<\/title>\n<meta name=\"robots\" content=\"index, follow, max-snippet:-1, max-image-preview:large, max-video-preview:-1\" \/>\n<link rel=\"canonical\" href=\"https:\/\/baumkletterschule.de\/kletterblatt\/archiv\/archiv-2022\" \/>\n<meta property=\"og:locale\" content=\"de_DE\" \/>\n<meta property=\"og:type\" content=\"article\" \/>\n<meta property=\"og:title\" content=\"Kletterblatt 2023 - Kletterblatt\" \/>\n<meta property=\"og:description\" content=\"Frauen in der Szene sichtbar machen 2023: Baumkletter*innen-Treffen in Mecklenburg-Vorpommern geplant \u2013 Anne B\u00fcttner aus Bernitt in der N\u00e4he von Rostock hat eine Vision: Die Baumpflegerin plant f\u00fcr 2023 in Mecklenburg-Vorpommern ein deutschlandweites Treffen f\u00fcr Baumkletterinnen. Ihre Ziele: Intensiver Erfahrungsaustausch rund um die weibliche Seite der Kletterwelt und eine st\u00e4rkere Vernetzung untereinander. M\u00e4nnliche Kletterer sind \u00fcbrigens ebenfalls herzlich willkommen. Im [&hellip;]\" \/>\n<meta property=\"og:url\" content=\"https:\/\/baumkletterschule.de\/kletterblatt\/archiv\/archiv-2022\" \/>\n<meta property=\"og:site_name\" content=\"Kletterblatt\" \/>\n<meta property=\"article:modified_time\" content=\"2022-12-07T07:29:14+00:00\" \/>\n<meta name=\"twitter:label1\" content=\"Gesch\u00e4tzte Lesezeit\" \/>\n\t<meta name=\"twitter:data1\" content=\"7\u00a0Minuten\" \/>\n<script type=\"application\/ld+json\" class=\"yoast-schema-graph\">{\"@context\":\"https:\\\/\\\/schema.org\",\"@graph\":[{\"@type\":\"WebPage\",\"@id\":\"https:\\\/\\\/baumkletterschule.de\\\/kletterblatt\\\/archiv\\\/archiv-2022\",\"url\":\"https:\\\/\\\/baumkletterschule.de\\\/kletterblatt\\\/archiv\\\/archiv-2022\",\"name\":\"Kletterblatt 2023 - Kletterblatt\",\"isPartOf\":{\"@id\":\"https:\\\/\\\/baumkletterschule.de\\\/kletterblatt\\\/#website\"},\"datePublished\":\"2022-12-02T17:40:39+00:00\",\"dateModified\":\"2022-12-07T07:29:14+00:00\",\"breadcrumb\":{\"@id\":\"https:\\\/\\\/baumkletterschule.de\\\/kletterblatt\\\/archiv\\\/archiv-2022#breadcrumb\"},\"inLanguage\":\"de\",\"potentialAction\":[{\"@type\":\"ReadAction\",\"target\":[\"https:\\\/\\\/baumkletterschule.de\\\/kletterblatt\\\/archiv\\\/archiv-2022\"]}]},{\"@type\":\"BreadcrumbList\",\"@id\":\"https:\\\/\\\/baumkletterschule.de\\\/kletterblatt\\\/archiv\\\/archiv-2022#breadcrumb\",\"itemListElement\":[{\"@type\":\"ListItem\",\"position\":1,\"name\":\"Home\",\"item\":\"https:\\\/\\\/baumkletterschule.de\\\/kletterblatt\\\/\"},{\"@type\":\"ListItem\",\"position\":2,\"name\":\"Kletterblatt-Archiv\",\"item\":\"https:\\\/\\\/baumkletterschule.de\\\/kletterblatt\\\/\"},{\"@type\":\"ListItem\",\"position\":3,\"name\":\"Kletterblatt 2023\"}]},{\"@type\":\"WebSite\",\"@id\":\"https:\\\/\\\/baumkletterschule.de\\\/kletterblatt\\\/#website\",\"url\":\"https:\\\/\\\/baumkletterschule.de\\\/kletterblatt\\\/\",\"name\":\"Kletterblatt\",\"description\":\"Das Online Archiv\",\"potentialAction\":[{\"@type\":\"SearchAction\",\"target\":{\"@type\":\"EntryPoint\",\"urlTemplate\":\"https:\\\/\\\/baumkletterschule.de\\\/kletterblatt\\\/?s={search_term_string}\"},\"query-input\":{\"@type\":\"PropertyValueSpecification\",\"valueRequired\":true,\"valueName\":\"search_term_string\"}}],\"inLanguage\":\"de\"}]}<\/script>\n<!-- \/ Yoast SEO plugin. -->","yoast_head_json":{"title":"Kletterblatt 2023 - Kletterblatt","robots":{"index":"index","follow":"follow","max-snippet":"max-snippet:-1","max-image-preview":"max-image-preview:large","max-video-preview":"max-video-preview:-1"},"canonical":"https:\/\/baumkletterschule.de\/kletterblatt\/archiv\/archiv-2022","og_locale":"de_DE","og_type":"article","og_title":"Kletterblatt 2023 - Kletterblatt","og_description":"Frauen in der Szene sichtbar machen 2023: Baumkletter*innen-Treffen in Mecklenburg-Vorpommern geplant \u2013 Anne B\u00fcttner aus Bernitt in der N\u00e4he von Rostock hat eine Vision: Die Baumpflegerin plant f\u00fcr 2023 in Mecklenburg-Vorpommern ein deutschlandweites Treffen f\u00fcr Baumkletterinnen. Ihre Ziele: Intensiver Erfahrungsaustausch rund um die weibliche Seite der Kletterwelt und eine st\u00e4rkere Vernetzung untereinander. M\u00e4nnliche Kletterer sind \u00fcbrigens ebenfalls herzlich willkommen. Im [&hellip;]","og_url":"https:\/\/baumkletterschule.de\/kletterblatt\/archiv\/archiv-2022","og_site_name":"Kletterblatt","article_modified_time":"2022-12-07T07:29:14+00:00","twitter_misc":{"Gesch\u00e4tzte Lesezeit":"7\u00a0Minuten"},"schema":{"@context":"https:\/\/schema.org","@graph":[{"@type":"WebPage","@id":"https:\/\/baumkletterschule.de\/kletterblatt\/archiv\/archiv-2022","url":"https:\/\/baumkletterschule.de\/kletterblatt\/archiv\/archiv-2022","name":"Kletterblatt 2023 - Kletterblatt","isPartOf":{"@id":"https:\/\/baumkletterschule.de\/kletterblatt\/#website"},"datePublished":"2022-12-02T17:40:39+00:00","dateModified":"2022-12-07T07:29:14+00:00","breadcrumb":{"@id":"https:\/\/baumkletterschule.de\/kletterblatt\/archiv\/archiv-2022#breadcrumb"},"inLanguage":"de","potentialAction":[{"@type":"ReadAction","target":["https:\/\/baumkletterschule.de\/kletterblatt\/archiv\/archiv-2022"]}]},{"@type":"BreadcrumbList","@id":"https:\/\/baumkletterschule.de\/kletterblatt\/archiv\/archiv-2022#breadcrumb","itemListElement":[{"@type":"ListItem","position":1,"name":"Home","item":"https:\/\/baumkletterschule.de\/kletterblatt\/"},{"@type":"ListItem","position":2,"name":"Kletterblatt-Archiv","item":"https:\/\/baumkletterschule.de\/kletterblatt\/"},{"@type":"ListItem","position":3,"name":"Kletterblatt 2023"}]},{"@type":"WebSite","@id":"https:\/\/baumkletterschule.de\/kletterblatt\/#website","url":"https:\/\/baumkletterschule.de\/kletterblatt\/","name":"Kletterblatt","description":"Das Online Archiv","potentialAction":[{"@type":"SearchAction","target":{"@type":"EntryPoint","urlTemplate":"https:\/\/baumkletterschule.de\/kletterblatt\/?s={search_term_string}"},"query-input":{"@type":"PropertyValueSpecification","valueRequired":true,"valueName":"search_term_string"}}],"inLanguage":"de"}]}},"_links":{"self":[{"href":"https:\/\/baumkletterschule.de\/kletterblatt\/wp-json\/wp\/v2\/pages\/8027","targetHints":{"allow":["GET"]}}],"collection":[{"href":"https:\/\/baumkletterschule.de\/kletterblatt\/wp-json\/wp\/v2\/pages"}],"about":[{"href":"https:\/\/baumkletterschule.de\/kletterblatt\/wp-json\/wp\/v2\/types\/page"}],"author":[{"embeddable":true,"href":"https:\/\/baumkletterschule.de\/kletterblatt\/wp-json\/wp\/v2\/users\/4"}],"replies":[{"embeddable":true,"href":"https:\/\/baumkletterschule.de\/kletterblatt\/wp-json\/wp\/v2\/comments?post=8027"}],"version-history":[{"count":4,"href":"https:\/\/baumkletterschule.de\/kletterblatt\/wp-json\/wp\/v2\/pages\/8027\/revisions"}],"predecessor-version":[{"id":8035,"href":"https:\/\/baumkletterschule.de\/kletterblatt\/wp-json\/wp\/v2\/pages\/8027\/revisions\/8035"}],"up":[{"embeddable":true,"href":"https:\/\/baumkletterschule.de\/kletterblatt\/wp-json\/wp\/v2\/pages\/1721"}],"wp:attachment":[{"href":"https:\/\/baumkletterschule.de\/kletterblatt\/wp-json\/wp\/v2\/media?parent=8027"}],"curies":[{"name":"wp","href":"https:\/\/api.w.org\/{rel}","templated":true}]}}